
{"id":32,"date":"2017-02-11T12:01:55","date_gmt":"2017-02-11T11:01:55","guid":{"rendered":"http:\/\/grundschule-gisingen.de\/?page_id=32"},"modified":"2026-03-01T20:22:44","modified_gmt":"2026-03-01T19:22:44","slug":"allgemeine-informationen","status":"publish","type":"page","link":"http:\/\/grundschule-gisingen.de\/?page_id=32","title":{"rendered":"Allgemeine Informationen"},"content":{"rendered":"\r\n\r\n\r\n\r\n\r\n<h3>\u00a0<\/h3>\r\n<h3>Kontaktdaten<\/h3>\r\n<p>Adresse:\u00a0\u00a0\u00a0\u00a0\u00a0\u00a0\u00a0\u00a0\u00a0\u00a0\u00a0\u00a0\u00a0\u00a0 Gaustra\u00dfe 22<\/p>\r\n<p>Telefon:\u00a0\u00a0\u00a0\u00a0\u00a0\u00a0\u00a0\u00a0\u00a0\u00a0\u00a0\u00a0\u00a0\u00a0\u00a0 06837-91001<\/p>\r\n<p>Telefax:\u00a0\u00a0\u00a0\u00a0\u00a0\u00a0\u00a0\u00a0\u00a0\u00a0\u00a0\u00a0\u00a0\u00a0\u00a0 06837-7080051<\/p>\r\n<p>E-Mail:\u00a0\u00a0\u00a0\u00a0\u00a0\u00a0\u00a0\u00a0\u00a0\u00a0\u00a0\u00a0\u00a0\u00a0\u00a0\u00a0\u00a0 gsgisingen@t-online.de<\/p>\r\n<p>Homepage:\u00a0\u00a0\u00a0\u00a0\u00a0\u00a0\u00a0\u00a0 grundschule-gisingen.de<\/p>\r\n<h3>Funktions\u00e4mter:<\/h3>\r\n<p>Schulleiterin:\u00a0\u00a0\u00a0\u00a0\u00a0\u00a0\u00a0\u00a0\u00a0\u00a0\u00a0\u00a0\u00a0\u00a0\u00a0\u00a0\u00a0\u00a0\u00a0\u00a0\u00a0\u00a0 Frau Heike Brausch<\/p>\r\n<p>Stellv. Schulleiterin:\u00a0\u00a0\u00a0\u00a0\u00a0\u00a0\u00a0\u00a0 \u00a0 Frau Jutta Licher<\/p>\r\n<h3>Sekretariat:<\/h3>\r\n<p>Frau Sandra M\u00fcller montags bis freitags von 7:45-11:45 Uhr.<\/p>\r\n<h3>Kollegium:<\/h3>\r\n<p>11 Lehrkr\u00e4fte, davon 1 m\u00e4nnlich, 1 F\u00f6rderschullehrerin und 1 Schoolworkerin<\/p>\r\n<h3>Sprechstunden (nach Voranmeldung):<\/h3>\r\n<p>Frau Adam: nach Vereinbarung (a.adam@schule.saarland)<\/p>\r\n<p class=\"western\">Frau Brausch: nach Vereinbarung (h.brausch@schule.saarland)<\/p>\r\n<p class=\"western\">Frau Gauthier: nach Vereinbarung (b.gauthier@schule.saarland)<\/p>\r\n<p>Frau Hennrich: nach Vereinbarung (l.hennrich@schule.saarland)<\/p>\r\n<p class=\"western\">Frau Kiefer: nach Vereinbarung\u00a0 (l.kiefer@schule.saarland)<\/p>\r\n<p>Frau Junker: nach Vereinbarung (s.junker@schule.saarland)<\/p>\r\n<p class=\"western\">Herr Kreuzahler: nach Vereinbarung (t.kreuzahler@schule.saarland)<\/p>\r\n<p class=\"western\">Frau Licher: nach Vereinbarung (j.licher@schule.saarland)<\/p>\r\n<p class=\"western\">Frau Thielmann: nach Vereinbarung (m.thielmann@schule.saarland)<\/p>\r\n<p class=\"western\">Frau Weiten-Kloft: nach Vereinbarung (s.weiten-kloft@schule.saarland)<\/p>\r\n<p>&nbsp;<\/p>\r\n<h3>Sch\u00fcler:<\/h3>\r\n<p>Sch\u00fclerzahl aktuell: 147<\/p>\r\n<p>Sch\u00fclerzahlentwicklung:<\/p>\r\n<p>2005\/2006\u00a0\u00a0\u00a0\u00a0\u00a0\u00a0\u00a0\u00a0\u00a0\u00a0 173<\/p>\r\n<p>2006\/2007\u00a0\u00a0\u00a0\u00a0\u00a0\u00a0\u00a0\u00a0\u00a0\u00a0 170<\/p>\r\n<p>2007\/2008\u00a0\u00a0\u00a0\u00a0\u00a0\u00a0\u00a0\u00a0\u00a0\u00a0 156<\/p>\r\n<p>2008\/2009\u00a0\u00a0\u00a0\u00a0\u00a0\u00a0\u00a0\u00a0\u00a0\u00a0 135<\/p>\r\n<p>2009\/2010\u00a0\u00a0\u00a0\u00a0\u00a0\u00a0\u00a0\u00a0\u00a0\u00a0 135<\/p>\r\n<p>2010\/2011\u00a0\u00a0\u00a0\u00a0\u00a0\u00a0\u00a0\u00a0\u00a0\u00a0 137<\/p>\r\n<p>2011\/2012\u00a0\u00a0\u00a0\u00a0\u00a0\u00a0\u00a0\u00a0\u00a0\u00a0 134<\/p>\r\n<p>2012\/2013\u00a0\u00a0\u00a0\u00a0\u00a0\u00a0\u00a0\u00a0\u00a0\u00a0 139<\/p>\r\n<p>2013\/2014\u00a0\u00a0\u00a0\u00a0\u00a0\u00a0\u00a0\u00a0\u00a0\u00a0 131<\/p>\r\n<p>2014\/2015\u00a0\u00a0\u00a0\u00a0\u00a0\u00a0\u00a0\u00a0\u00a0\u00a0 128<\/p>\r\n<p>2015\/2016\u00a0\u00a0\u00a0\u00a0\u00a0\u00a0\u00a0\u00a0\u00a0\u00a0 131<\/p>\r\n<p>2016\/2017\u00a0\u00a0\u00a0\u00a0\u00a0\u00a0\u00a0\u00a0\u00a0\u00a0 126<\/p>\r\n<p>2017\/2018 \u00a0 \u00a0 \u00a0 \u00a0 \u00a0 130<\/p>\r\n<p>2018\/2019 \u00a0 \u00a0 \u00a0 \u00a0 \u00a0 134<\/p>\r\n<p>2019\/2020 \u00a0 \u00a0 \u00a0 \u00a0 \u00a0 139<\/p>\r\n<p>2020\/2021\u00a0\u00a0\u00a0\u00a0\u00a0\u00a0\u00a0\u00a0\u00a0\u00a0 148<\/p>\r\n<p>2021\/2022\u00a0 \u00a0 \u00a0 \u00a0 \u00a0 \u00a0152<\/p>\r\n<p>2022\/2023\u00a0 \u00a0 \u00a0 \u00a0 \u00a0 \u00a0158<\/p>\r\n<p>2023\/2024\u00a0 \u00a0 \u00a0 \u00a0 \u00a0 \u00a0153<\/p>\r\n<p>Die Sch\u00fclerzahl ist im Vergleich zum Vorjahr stabil, im R\u00fcckblick auf mehrere Jahre wieder steigend.<\/p>\r\n<table>\r\n<tbody>\r\n<tr>\r\n<td width=\"110\">Klassen<\/td>\r\n<td width=\"110\">Anzahl der Sch\u00fcler in Klasse 1<\/td>\r\n<td width=\"110\">Anzahl der Sch\u00fcler in Klasse 2<\/td>\r\n<td width=\"110\">Anzahl der Sch\u00fcler in Klasse 3<\/td>\r\n<td width=\"110\">Anzahl der Sch\u00fcler in Klasse 4<\/td>\r\n<\/tr>\r\n<tr>\r\n<td width=\"110\">x.1<\/td>\r\n<td width=\"110\">18<\/td>\r\n<td width=\"110\">18<\/td>\r\n<td width=\"110\">19<\/td>\r\n<td width=\"110\">21<\/td>\r\n<\/tr>\r\n<tr>\r\n<td width=\"110\">x.2<\/td>\r\n<td width=\"110\">17<\/td>\r\n<td width=\"110\">19<\/td>\r\n<td width=\"110\">19<\/td>\r\n<td width=\"110\">22<\/td>\r\n<\/tr>\r\n<tr>\r\n<td width=\"110\">Summe:<\/td>\r\n<td width=\"110\"><strong>35<\/strong><\/td>\r\n<td width=\"110\"><strong>37<\/strong><\/td>\r\n<td width=\"110\"><strong>38<\/strong><\/td>\r\n<td width=\"110\"><strong>43<\/strong><\/td>\r\n<\/tr>\r\n<\/tbody>\r\n<\/table>\r\n<p>Klassenzahl:\u00a0\u00a0\u00a0\u00a0\u00a0\u00a0\u00a0\u00a0\u00a0\u00a0\u00a0\u00a0\u00a0\u00a0\u00a0\u00a0\u00a0\u00a0\u00a0\u00a0\u00a0\u00a0\u00a0\u00a0\u00a0\u00a0\u00a0\u00a0\u00a0\u00a0\u00a0\u00a0\u00a0\u00a0\u00a0\u00a0\u00a0\u00a0 8<\/p>\r\n<p>Mittlere Klassengr\u00f6\u00dfe:\u00a0\u00a0\u00a0\u00a0\u00a0\u00a0\u00a0\u00a0\u00a0\u00a0\u00a0\u00a0\u00a0\u00a0\u00a0\u00a0\u00a0 \u00a0 19<\/p>\r\n<p>Z\u00fcgigkeit:\u00a0\u00a0\u00a0\u00a0\u00a0\u00a0\u00a0\u00a0\u00a0\u00a0\u00a0\u00a0\u00a0\u00a0\u00a0\u00a0\u00a0\u00a0\u00a0\u00a0\u00a0\u00a0\u00a0\u00a0\u00a0\u00a0\u00a0\u00a0\u00a0\u00a0\u00a0\u00a0\u00a0\u00a0\u00a0\u00a0\u00a0\u00a0\u00a0\u00a0\u00a0\u00a0\u00a0 zweiz\u00fcgig<\/p>\r\n<h3>Stundenverteilung<\/h3>\r\n<ol>\r\n<li>Stunde\u00a0\u00a0\u00a0\u00a0\u00a0\u00a0\u00a0\u00a0\u00a0 8.00 bis\u00a0\u00a0\u00a08.45<\/li>\r\n<li>Stunde\u00a0\u00a0\u00a0\u00a0\u00a0\u00a0\u00a0\u00a0\u00a0 8.50 bis\u00a0\u00a0\u00a09.35<\/li>\r\n<li>Stunde\u00a0\u00a0\u00a0\u00a0\u00a0\u00a0\u00a0\u00a0\u00a0 9.35 bis 10.20<\/li>\r\n<li>Stunde\u00a0\u00a0\u00a0\u00a0\u00a0\u00a0\u00a0 11.05 bis 11.50<\/li>\r\n<li>Stunde\u00a0\u00a0\u00a0\u00a0\u00a0\u00a0\u00a0\u00a011.50 bis 12.35<\/li>\r\n<li>Stunde\u00a0\u00a0\u00a0\u00a0\u00a0\u00a0\u00a0\u00a012.40 bis 13.25<\/li>\r\n<\/ol>\r\n<h3>Einzugsgebiet<\/h3>\r\n<p>Bedersdorf, D\u00fcren, Gisingen, Ihn, Ittersdorf, Kerlingen, Leidingen, Oberlimberg, Rammelfangen, St. Barbara und Frankreich<\/p>\r\n<h3>Zus\u00e4tzliche Angebote<\/h3>\r\n<p>Fr\u00fchbetreuung von 7.00 \u2013 7.45 Uhr<\/p>\r\n<p>Nachmittagsbetreuung von 12.30 &#8211; 17.00 Uhr<\/p>\r\n<p>FGTS im Standardmodell (DRK Kreisverband\u00a0<span class=\"cmp_parsed_location\" data-cmp_parsed_location_name=\"Saarlouis\" data-cmp_parsed_location_weather=\"K10044115\" data-cmp_parsed_location_other=\"0\" data-ce-class=\"Locations\">Saarlouis<\/span>\u00a0e. V.,\u00a0<span class=\"cmp_parsed_address\" data-cmp_parsed_address_street=\"Carl-Friedrich-Gau\u00df-Str. 4\" data-cmp_parsed_address_zip=\"66793\" data-cmp_parsed_address_city=\"Saarwellingen\" data-ce-class=\"Addresses\">Carl-Friedrich-Gau\u00df-Str. 4,<\/span>\u00a0<span class=\"cmp_parsed_address\" data-cmp_parsed_address_street=\"Carl-Friedrich-Gau\u00df-Str. 4\" data-cmp_parsed_address_zip=\"66793\" data-cmp_parsed_address_city=\"Saarwellingen\" data-ce-class=\"Addresses\">66793 Saarwellingen<\/span>)<\/p>\r\n<p>Leitung: Frau Katharina Selzer<\/p>\r\n<p>Anmeldung z. Zt. 104 Kinder<\/p>\r\n<p>(8 Gruppen: 4 lange bis 17 Uhr, 4 kurze bis 15 Uhr)<\/p>\r\n\r\n<p>&nbsp;<\/p>\r\n","protected":false},"excerpt":{"rendered":"<p>\u00a0 Kontaktdaten Adresse:\u00a0\u00a0\u00a0\u00a0\u00a0\u00a0\u00a0\u00a0\u00a0\u00a0\u00a0\u00a0\u00a0\u00a0 Gaustra\u00dfe 22 Telefon:\u00a0\u00a0\u00a0\u00a0\u00a0\u00a0\u00a0\u00a0\u00a0\u00a0\u00a0\u00a0\u00a0\u00a0\u00a0 06837-91001 Telefax:\u00a0\u00a0\u00a0\u00a0\u00a0\u00a0\u00a0\u00a0\u00a0\u00a0\u00a0\u00a0\u00a0\u00a0\u00a0 06837-7080051 E-Mail:\u00a0\u00a0\u00a0\u00a0\u00a0\u00a0\u00a0\u00a0\u00a0\u00a0\u00a0\u00a0\u00a0\u00a0\u00a0\u00a0\u00a0 gsgisingen@t-online.de Homepage:\u00a0\u00a0\u00a0\u00a0\u00a0\u00a0\u00a0\u00a0 grundschule-gisingen.de Funktions\u00e4mter: Schulleiterin:\u00a0\u00a0\u00a0\u00a0\u00a0\u00a0\u00a0\u00a0\u00a0\u00a0\u00a0\u00a0\u00a0\u00a0\u00a0\u00a0\u00a0\u00a0\u00a0\u00a0\u00a0\u00a0 Frau Heike Brausch Stellv. Schulleiterin:\u00a0\u00a0\u00a0\u00a0\u00a0\u00a0\u00a0\u00a0 \u00a0 Frau Jutta Licher Sekretariat: Frau Sandra M\u00fcller montags bis freitags von 7:45-11:45 Uhr. Kollegium: 11 Lehrkr\u00e4fte, davon 1 m\u00e4nnlich,&#8230; <a class=\"more-link\" href=\"http:\/\/grundschule-gisingen.de\/?page_id=32\">Weiterlesen &rarr;<\/a><\/p>\n","protected":false},"author":1,"featured_media":1582,"parent":10,"menu_order":0,"comment_status":"closed","ping_status":"closed","template":"template-nosidebar.php","meta":[],"_links":{"self":[{"href":"http:\/\/grundschule-gisingen.de\/index.php?rest_route=\/wp\/v2\/pages\/32"}],"collection":[{"href":"http:\/\/grundschule-gisingen.de\/index.php?rest_route=\/wp\/v2\/pages"}],"about":[{"href":"http:\/\/grundschule-gisingen.de\/index.php?rest_route=\/wp\/v2\/types\/page"}],"author":[{"embeddable":true,"href":"http:\/\/grundschule-gisingen.de\/index.php?rest_route=\/wp\/v2\/users\/1"}],"replies":[{"embeddable":true,"href":"http:\/\/grundschule-gisingen.de\/index.php?rest_route=%2Fwp%2Fv2%2Fcomments&post=32"}],"version-history":[{"count":41,"href":"http:\/\/grundschule-gisingen.de\/index.php?rest_route=\/wp\/v2\/pages\/32\/revisions"}],"predecessor-version":[{"id":2102,"href":"http:\/\/grundschule-gisingen.de\/index.php?rest_route=\/wp\/v2\/pages\/32\/revisions\/2102"}],"up":[{"embeddable":true,"href":"http:\/\/grundschule-gisingen.de\/index.php?rest_route=\/wp\/v2\/pages\/10"}],"wp:featuredmedia":[{"embeddable":true,"href":"http:\/\/grundschule-gisingen.de\/index.php?rest_route=\/wp\/v2\/media\/1582"}],"wp:attachment":[{"href":"http:\/\/grundschule-gisingen.de\/index.php?rest_route=%2Fwp%2Fv2%2Fmedia&parent=32"}],"curies":[{"name":"wp","href":"https:\/\/api.w.org\/{rel}","templated":true}]}}