
{"id":651,"date":"2018-05-22T18:25:35","date_gmt":"2018-05-22T16:25:35","guid":{"rendered":"http:\/\/grundschule-gisingen.de\/?page_id=651"},"modified":"2021-09-09T12:44:15","modified_gmt":"2021-09-09T10:44:15","slug":"schoolworkerin","status":"publish","type":"page","link":"http:\/\/grundschule-gisingen.de\/?page_id=651","title":{"rendered":"Schulsozialarbeiterin"},"content":{"rendered":"<p>Liebe Eltern,<\/p>\n<p style=\"padding-left: 80px;\">mein Name ist Uschi Kirsch-G\u00e4n\u00dfinger. Ich bin Dipl.-Sozialp\u00e4dagogin und arbeite als Schulsozialarbeiterin an Grundschulen im Landkreis Saarlouis. Zweimal pro Woche bin ich auch an der Grundschule in Gisingen t\u00e4tig, die Ihr Kind besucht.<\/p>\n<p>Ich berate, informiere und unterst\u00fctze LehrerInnen, Eltern\/Erziehungsberechtigte und Sch\u00fclerInnen in folgenden Bereichen:<\/p>\n<table>\n<tbody>\n<tr>\n<td width=\"145\">LehrerInnen<\/td>\n<td width=\"475\">\u00b7\u00a0\u00a0\u00a0\u00a0\u00a0\u00a0\u00a0\u00a0 fallbezogene Fragen\/Themen (betreffend einzelner Sch\u00fclerInnen, Gruppen oder der Klasse)<\/p>\n<p>\u00b7\u00a0\u00a0\u00a0\u00a0\u00a0\u00a0\u00a0\u00a0 Planung von Klassen- und Schulprojekten (z.B. zur F\u00f6rderung sozialer Kompetenz wie Umgang mit Streitigkeiten, \u00a0 Kooperationsspiele o.\u00e4.)<\/td>\n<\/tr>\n<tr>\n<td width=\"145\">Sch\u00fclerInnen<\/td>\n<td width=\"475\">\u00b7\u00a0\u00a0\u00a0\u00a0\u00a0\u00a0\u00a0\u00a0 schulische, famili\u00e4re oder pers\u00f6nliche Probleme (z.B. Streit untereinander)<\/td>\n<\/tr>\n<tr>\n<td width=\"145\">Eltern\/<\/p>\n<p>Erziehungsberechtigte<\/td>\n<td width=\"475\">\u00b7\u00a0\u00a0\u00a0\u00a0\u00a0\u00a0\u00a0\u00a0 Auswahl geeigneter Unterst\u00fctzungsangebote (z.B. Sch\u00fclerhilfe oder Bildungs- und Teilhabepaket)<\/p>\n<p>\u00b7\u00a0\u00a0\u00a0\u00a0\u00a0\u00a0\u00a0\u00a0 Vermittlung an andere Beratungsstellen<\/p>\n<p>\u00b7\u00a0\u00a0\u00a0\u00a0\u00a0\u00a0\u00a0\u00a0 Erziehungsfragen<\/p>\n<p>\u00b7\u00a0\u00a0\u00a0\u00a0\u00a0\u00a0\u00a0\u00a0 Fragen zu schulischen Belangen (z.B. bei Fragen bezgl. des Lernens und Verhaltens eines Kindes, Schulunlust, \u00c4ngste u.\u00e4.<\/td>\n<\/tr>\n<\/tbody>\n<\/table>\n<p>Als eine M\u00f6glichkeit der Kontaktaufnahme steht den Sch\u00fclern ein \u201eKummerkasten\u201c im Schulgeb\u00e4ude zur Verf\u00fcgung.<\/p>\n<p>Zur Ausf\u00fchrung dieser T\u00e4tigkeiten ist u.a. ein Austausch mit LehrerInnen und auch mit Sch\u00fclerInnen erforderlich.<\/p>\n<p>Neben dem Kl\u00e4ren von Fragen und Problemen, die zu einem Gespr\u00e4ch f\u00fchren, bin ich f\u00fcr Ideen und Anregungen Ihrerseits offen.<\/p>\n<p>Auf eine Zusammenarbeit mit Ihnen freue ich mich.<\/p>\n","protected":false},"excerpt":{"rendered":"<p>Liebe Eltern, mein Name ist Uschi Kirsch-G\u00e4n\u00dfinger. Ich bin Dipl.-Sozialp\u00e4dagogin und arbeite als Schulsozialarbeiterin an Grundschulen im Landkreis Saarlouis. Zweimal pro Woche bin ich auch an der Grundschule in Gisingen t\u00e4tig, die Ihr Kind besucht. Ich berate, informiere und unterst\u00fctze&#8230; <a class=\"more-link\" href=\"http:\/\/grundschule-gisingen.de\/?page_id=651\">Weiterlesen &rarr;<\/a><\/p>\n","protected":false},"author":1,"featured_media":0,"parent":0,"menu_order":6,"comment_status":"closed","ping_status":"closed","template":"","meta":[],"_links":{"self":[{"href":"http:\/\/grundschule-gisingen.de\/index.php?rest_route=\/wp\/v2\/pages\/651"}],"collection":[{"href":"http:\/\/grundschule-gisingen.de\/index.php?rest_route=\/wp\/v2\/pages"}],"about":[{"href":"http:\/\/grundschule-gisingen.de\/index.php?rest_route=\/wp\/v2\/types\/page"}],"author":[{"embeddable":true,"href":"http:\/\/grundschule-gisingen.de\/index.php?rest_route=\/wp\/v2\/users\/1"}],"replies":[{"embeddable":true,"href":"http:\/\/grundschule-gisingen.de\/index.php?rest_route=%2Fwp%2Fv2%2Fcomments&post=651"}],"version-history":[{"count":5,"href":"http:\/\/grundschule-gisingen.de\/index.php?rest_route=\/wp\/v2\/pages\/651\/revisions"}],"predecessor-version":[{"id":1110,"href":"http:\/\/grundschule-gisingen.de\/index.php?rest_route=\/wp\/v2\/pages\/651\/revisions\/1110"}],"wp:attachment":[{"href":"http:\/\/grundschule-gisingen.de\/index.php?rest_route=%2Fwp%2Fv2%2Fmedia&parent=651"}],"curies":[{"name":"wp","href":"https:\/\/api.w.org\/{rel}","templated":true}]}}